{"id":74,"date":"2016-01-27T11:17:28","date_gmt":"2016-01-27T10:17:28","guid":{"rendered":"http:\/\/www.zahnarztpraxisayaydin.de\/tr\/?page_id=74"},"modified":"2017-02-24T09:44:08","modified_gmt":"2017-02-24T08:44:08","slug":"kinderbehandlung","status":"publish","type":"page","link":"https:\/\/www.zahnarztpraxisayaydin.de\/tr\/hizmetler\/kinderbehandlung\/","title":{"rendered":"\u00c7ocuk tedavisi"},"content":{"rendered":"<h2>\u00c7ocuk tedavisi<\/h2>\n<p>Ne kadar erken olursa o kadar iyi &#8211; \u00e7ocuklar\u0131n di\u015f hekimli\u011fine ili\u015fkin takibi ilk di\u015ften itibaren yap\u0131lmal\u0131d\u0131r. D\u00fczenli di\u015f hekimi ziyaretleri ne kadar normal olursa o kadar ba\u015far\u0131l\u0131 bir \u015fekilde reaksiyon g\u00f6sterebiliriz; k\u00fc\u00e7\u00fck hasarlar\u0131 erken d\u00f6nemde tespit ederiz, korkular\u0131n ortaya \u00e7\u0131kmamas\u0131n\u0131 sa\u011flar\u0131z.<br \/>\nK\u00fc\u00e7\u00fck hastalar\u0131m\u0131z i\u00e7in tabii ki daha fazla zaman ay\u0131r\u0131yoruz, onlara di\u015f hijyeni ve bak\u0131m\u0131n\u0131 bir oyun \u015feklinde \u00f6\u011fretemeye \u00e7al\u0131\u015f\u0131yoruz. Bireysel profilaksi kapsam\u0131nda d\u00fczenli kontrol yap\u0131yoruz, bir s\u00fct di\u015fi de bir problem olu\u015fturabilir. \u00c7\u00fcr\u00fckler hasara yol a\u00e7m\u0131\u015fsa \u00e7ocuklar\u0131n \u00f6zel ihtiya\u00e7lar\u0131na g\u00f6re uyarlanm\u0131\u015f spesifik dolgularla burada g\u00fcvenilir bir \u015fekilde yard\u0131m edebiliyoruz.<\/p>\n<h3>30 ile 72. aylardaki \u00e7ocuklarda erken tan\u0131 muayenesi<\/h3>\n<p>Muayenehanemizde \u00e7ok k\u00fc\u00e7\u00fck hastalar\u0131m\u0131z\u0131n a\u011f\u0131z sa\u011fl\u0131\u011f\u0131na da \u00f6nem veriyoruz. \u00c7ocu\u011funuz daha k\u00fc\u00e7\u00fck ya\u015flarda di\u015f hekimi muayenehanesine ve di\u015f hakimi ekibine al\u0131\u015fabilir.<br \/>\n\u00d6nemli ve sizin de bildi\u011finiz \u00e7ocuk doktoru muayenelerine (=U muayeneleri) paralel olarak gerekli di\u015f muayenelerini (=UZ) sunuyoruz. \u00c7\u00fcnk\u00fc \u00e7ene, di\u015f ve a\u011f\u0131z bo\u015flu\u011fu geli\u015fimleri de \u00e7ocu\u011funuzun di\u011fer geli\u015fimleri gibi ayn\u0131 \u015fekilde bak\u0131m ve dikkat gerektirir. A\u011f\u0131z sa\u011fl\u0131\u011f\u0131 durumu bu nedenle kapsaml\u0131 ve d\u00fczenli olarak kontrol edilmeli ve ilk 6 ya\u015f i\u00e7in bir muayene karnesinde belgelenmelidir. \u00c7ocu\u011funuzun UZ muayeneleri sayesinde belli bir ya\u015ftan sonra di\u015f ve \u00e7ene \u015fekil bozukluklar\u0131 da erken evrede tespit ve tedavi edilebilmektedir.<br \/>\n\u00c7ocu\u011funuz sa\u011fl\u0131kl\u0131 di\u015flerle b\u00fcy\u00fcyebilmek i\u00e7in sizin de yard\u0131m\u0131n\u0131za ihtiya\u00e7 duyar.<br \/>\n\u00c7ocu\u011fun d\u00fczenli alt\u0131 ayl\u0131k muayeneleri ve ebeveynlerle bilgilendirme g\u00f6r\u00fc\u015fmeleri, \u00e7ocu\u011funuzun sa\u011fl\u0131kl\u0131 ve parlak bir g\u00fcl\u00fcmseme hediye etmek i\u00e7in katk\u0131 sa\u011flar.<\/p>","protected":false},"excerpt":{"rendered":"<p>\u00c7ocuk tedavisi Ne kadar erken olursa o kadar iyi &#8211; \u00e7ocuklar\u0131n di\u015f hekimli\u011fine ili\u015fkin takibi ilk di\u015ften itibaren yap\u0131lmal\u0131d\u0131r. D\u00fczenli di\u015f hekimi ziyaretleri ne kadar normal olursa o kadar ba\u015far\u0131l\u0131 bir \u015fekilde reaksiyon g\u00f6sterebiliriz; k\u00fc\u00e7\u00fck hasarlar\u0131 erken d\u00f6nemde tespit ederiz, korkular\u0131n ortaya \u00e7\u0131kmamas\u0131n\u0131 sa\u011flar\u0131z. K\u00fc\u00e7\u00fck hastalar\u0131m\u0131z i\u00e7in tabii ki daha fazla zaman ay\u0131r\u0131yoruz, onlara di\u015f [&hellip;]<\/p>\n","protected":false},"author":1,"featured_media":0,"parent":9,"menu_order":20,"comment_status":"closed","ping_status":"closed","template":"","meta":{"footnotes":""},"class_list":["post-74","page","type-page","status-publish","hentry"],"_links":{"self":[{"href":"https:\/\/www.zahnarztpraxisayaydin.de\/tr\/wp-json\/wp\/v2\/pages\/74","targetHints":{"allow":["GET"]}}],"collection":[{"href":"https:\/\/www.zahnarztpraxisayaydin.de\/tr\/wp-json\/wp\/v2\/pages"}],"about":[{"href":"https:\/\/www.zahnarztpraxisayaydin.de\/tr\/wp-json\/wp\/v2\/types\/page"}],"author":[{"embeddable":true,"href":"https:\/\/www.zahnarztpraxisayaydin.de\/tr\/wp-json\/wp\/v2\/users\/1"}],"replies":[{"embeddable":true,"href":"https:\/\/www.zahnarztpraxisayaydin.de\/tr\/wp-json\/wp\/v2\/comments?post=74"}],"version-history":[{"count":5,"href":"https:\/\/www.zahnarztpraxisayaydin.de\/tr\/wp-json\/wp\/v2\/pages\/74\/revisions"}],"predecessor-version":[{"id":199,"href":"https:\/\/www.zahnarztpraxisayaydin.de\/tr\/wp-json\/wp\/v2\/pages\/74\/revisions\/199"}],"up":[{"embeddable":true,"href":"https:\/\/www.zahnarztpraxisayaydin.de\/tr\/wp-json\/wp\/v2\/pages\/9"}],"wp:attachment":[{"href":"https:\/\/www.zahnarztpraxisayaydin.de\/tr\/wp-json\/wp\/v2\/media?parent=74"}],"curies":[{"name":"wp","href":"https:\/\/api.w.org\/{rel}","templated":true}]}}