{"id":78,"date":"2016-01-27T11:19:12","date_gmt":"2016-01-27T10:19:12","guid":{"rendered":"http:\/\/www.zahnarztpraxisayaydin.de\/tr\/?page_id=78"},"modified":"2018-07-05T10:45:01","modified_gmt":"2018-07-05T08:45:01","slug":"professionelle-zahnreinigung-und-prophylaxe","status":"publish","type":"page","link":"https:\/\/www.zahnarztpraxisayaydin.de\/tr\/hizmetler\/professionelle-zahnreinigung-und-prophylaxe\/","title":{"rendered":"Profesyonel di\u015f temizli\u011fi ve profilaksi"},"content":{"rendered":"<h2>Profesyonel di\u015f temizli\u011fi ve profilaksi<\/h2>\n<p><a title=\"Zahnarztpraxis Ayaydin - Ihr kompetenter Zahnarzt in Solingen\" href=\"https:\/\/www.zahnarztpraxisayaydin.de\/tr\/wp-content\/uploads\/prophylaxezimmer-zahnarzt-solingen-ayaydin.jpg\" data-lightbox=\"img304_1481274718\" rel=\"lightbox[78]\"><img loading=\"lazy\" decoding=\"async\" class=\"alignright pull-right pull-right size-medium wp-image-304\" title=\"Prophylaxezimmer-Zahnarzt-Solingen-Ayaydin - Zahnarztpraxis Ayaydin - Ihr kompetenter Zahnarzt in Solingen\" src=\"https:\/\/www.zahnarztpraxisayaydin.de\/tr\/wp-content\/uploads\/prophylaxezimmer-zahnarzt-solingen-ayaydin-300x217.jpg\" alt=\"Prophylaxezimmer-Zahnarzt-Solingen-Ayaydin\" width=\"300\" height=\"217\" srcset=\"https:\/\/www.zahnarztpraxisayaydin.de\/tr\/wp-content\/uploads\/prophylaxezimmer-zahnarzt-solingen-ayaydin-300x217.jpg 300w, https:\/\/www.zahnarztpraxisayaydin.de\/tr\/wp-content\/uploads\/prophylaxezimmer-zahnarzt-solingen-ayaydin-1024x739.jpg 1024w, https:\/\/www.zahnarztpraxisayaydin.de\/tr\/wp-content\/uploads\/prophylaxezimmer-zahnarzt-solingen-ayaydin.jpg 1200w\" sizes=\"auto, (max-width: 300px) 100vw, 300px\" \/><\/a>\u00d6nlemek tedavi etmekten iyidir \u2013 bu tezin alt\u0131n\u0131 \u00e7iziyoruz. Profilaktik \u00f6nlemlerimize di\u015flerinizin sa\u011fl\u0131\u011f\u0131n\u0131 uzun vadeli koruman\u0131za yard\u0131mc\u0131 oluyoruz. D\u00fczenli kons\u00fcltasyonlar burada temel olu\u015fturmaktad\u0131r, \u00e7\u00fcnk\u00fc di\u015f hijyeni di\u015f sa\u011fl\u0131\u011f\u0131 i\u00e7in \u00e7ok \u00f6nemli bir konudur. Di\u015f pla\u011f\u0131n\u0131 \u00f6nlemek maalesef m\u00fcmk\u00fcn de\u011fildir, sonu\u00e7 olarak a\u011f\u0131z floram\u0131z bakteriler i\u00e7in m\u00fckemmel bir ortam sunmaktad\u0131r. Uzakla\u015ft\u0131r\u0131ld\u0131ktan sonra bunlar tekrar di\u015flere yerle\u015firse h\u0131zl\u0131 bir \u015fekilde plak ve di\u015f ta\u015f\u0131 olu\u015fur.<\/p>\n<p>Her 6 ila 12 ayda bir yap\u0131lmas\u0131n\u0131 \u00f6nerdi\u011fimiz profesyonel bir di\u015f temizli\u011fi ile inat\u00e7\u0131 di\u015f ta\u015flar\u0131n\u0131 temizliyor ve di\u015flerinizi parlat\u0131yoruz. Bunlar genellikle kahve, \u00e7ay ya da \u015farap ve nikotin t\u00fcketiminden kaynaklan\u0131yor. Di\u015f y\u00fczeyleri temizlendikten sonra bir polisajla, bakteri olu\u015fumuna destek veren d\u00fczensizlikleri gideriyoruz. Bu fini\u015fle birlikte di\u015fleriniz g\u00fc\u00e7l\u00fc bir florlamaya sahip oluyor ve g\u00fczel bir parlakl\u0131k kazan\u0131yor.<\/p>\n<p>Buna ek olarak g\u00fcnl\u00fck di\u015f ve a\u011f\u0131z hijyeni se\u00e7eneklerini sizinle g\u00f6r\u00fc\u015f\u00fcyoruz, optimizasyon \u00f6nerileri veya tavsiyelere verebiliyoruz. Bu hususta tabii ki bilim ve t\u0131p alan\u0131ndaki deneyim ve bilgilerimizden faydalan\u0131yoruz. Sorular\u0131n\u0131z veya sorunlar\u0131n\u0131z oldu\u011funda bize g\u00fcvenebilirsiniz &#8211; biz sizin i\u00e7in buraday\u0131z.<\/p>","protected":false},"excerpt":{"rendered":"<p>Profesyonel di\u015f temizli\u011fi ve profilaksi \u00d6nlemek tedavi etmekten iyidir \u2013 bu tezin alt\u0131n\u0131 \u00e7iziyoruz. Profilaktik \u00f6nlemlerimize di\u015flerinizin sa\u011fl\u0131\u011f\u0131n\u0131 uzun vadeli koruman\u0131za yard\u0131mc\u0131 oluyoruz. D\u00fczenli kons\u00fcltasyonlar burada temel olu\u015fturmaktad\u0131r, \u00e7\u00fcnk\u00fc di\u015f hijyeni di\u015f sa\u011fl\u0131\u011f\u0131 i\u00e7in \u00e7ok \u00f6nemli bir konudur. Di\u015f pla\u011f\u0131n\u0131 \u00f6nlemek maalesef m\u00fcmk\u00fcn de\u011fildir, sonu\u00e7 olarak a\u011f\u0131z floram\u0131z bakteriler i\u00e7in m\u00fckemmel bir ortam sunmaktad\u0131r. Uzakla\u015ft\u0131r\u0131ld\u0131ktan [&hellip;]<\/p>\n","protected":false},"author":1,"featured_media":0,"parent":9,"menu_order":40,"comment_status":"closed","ping_status":"closed","template":"","meta":{"footnotes":""},"class_list":["post-78","page","type-page","status-publish","hentry"],"_links":{"self":[{"href":"https:\/\/www.zahnarztpraxisayaydin.de\/tr\/wp-json\/wp\/v2\/pages\/78","targetHints":{"allow":["GET"]}}],"collection":[{"href":"https:\/\/www.zahnarztpraxisayaydin.de\/tr\/wp-json\/wp\/v2\/pages"}],"about":[{"href":"https:\/\/www.zahnarztpraxisayaydin.de\/tr\/wp-json\/wp\/v2\/types\/page"}],"author":[{"embeddable":true,"href":"https:\/\/www.zahnarztpraxisayaydin.de\/tr\/wp-json\/wp\/v2\/users\/1"}],"replies":[{"embeddable":true,"href":"https:\/\/www.zahnarztpraxisayaydin.de\/tr\/wp-json\/wp\/v2\/comments?post=78"}],"version-history":[{"count":3,"href":"https:\/\/www.zahnarztpraxisayaydin.de\/tr\/wp-json\/wp\/v2\/pages\/78\/revisions"}],"predecessor-version":[{"id":307,"href":"https:\/\/www.zahnarztpraxisayaydin.de\/tr\/wp-json\/wp\/v2\/pages\/78\/revisions\/307"}],"up":[{"embeddable":true,"href":"https:\/\/www.zahnarztpraxisayaydin.de\/tr\/wp-json\/wp\/v2\/pages\/9"}],"wp:attachment":[{"href":"https:\/\/www.zahnarztpraxisayaydin.de\/tr\/wp-json\/wp\/v2\/media?parent=78"}],"curies":[{"name":"wp","href":"https:\/\/api.w.org\/{rel}","templated":true}]}}