{"id":80,"date":"2016-01-27T11:24:15","date_gmt":"2016-01-27T10:24:15","guid":{"rendered":"http:\/\/www.zahnarztpraxisayaydin.de\/tr\/?page_id=80"},"modified":"2017-02-24T09:32:29","modified_gmt":"2017-02-24T08:32:29","slug":"zahnaufhellung-bleaching","status":"publish","type":"page","link":"https:\/\/www.zahnarztpraxisayaydin.de\/tr\/hizmetler\/zahnaufhellung-bleaching\/","title":{"rendered":"Di\u015f beyazlatma (Bleaching)"},"content":{"rendered":"<h2>Di\u015f beyazlatma (Bleaching)<\/h2>\n<p>Do\u011fal di\u015fleri koruyan bir ba\u015fka se\u00e7enek ise \u00f6ncesinde daima profesyonel di\u015f temizli\u011fi yap\u0131lmas\u0131 gereken di\u015f beyazlatma i\u015flemidir. Burada di\u015flerin niteliklerine g\u00f6re karar vermekteyiz, \u00e7\u00fcnk\u00fc k\u00f6k tedavisi g\u00f6rm\u00fc\u015f bir di\u015f \u00f6rne\u011fin sa\u011fl\u0131kl\u0131 bir di\u015fe g\u00f6re farkl\u0131 biri i\u015flem gerektirir.<\/p>\n<h3>K\u00f6k tedavisi g\u00f6rm\u00fc\u015f di\u015flerde di\u015f beyazlatma<\/h3>\n<p>Bir k\u00f6k tedavisi sonras\u0131nda ortaya \u00e7\u0131kan renk de\u011fi\u015fimleri, \u00e7\u00fcr\u00fcyen di\u015f \u00f6z\u00fc veya dolgu olarak kullan\u0131lan demir gibi farkl\u0131 reaksiyonlardan kaynaklanmaktad\u0131r. Bu rahats\u0131z edici renk geli\u015fimlerini gidermek i\u00e7in isabetli \u015fekilde dahili bir di\u015f beyazlatma kullan\u0131yoruz ve bunun i\u00e7in gerekli ajanlar\u0131 her tedavi i\u00e7in bireysel olarak kar\u0131\u015ft\u0131r\u0131yoruz.<\/p>\n<h3>In-Office Bleaching<\/h3>\n<p>Sa\u011fl\u0131kl\u0131 di\u015fler i\u00e7in size, muayenehanede sonu\u00e7lar\u0131n\u0131 direkt olarak g\u00f6rebilece\u011finiz In-Office-Bleaching&#8217;i \u00f6neriyoruz.<\/p>","protected":false},"excerpt":{"rendered":"<p>Di\u015f beyazlatma (Bleaching) Do\u011fal di\u015fleri koruyan bir ba\u015fka se\u00e7enek ise \u00f6ncesinde daima profesyonel di\u015f temizli\u011fi yap\u0131lmas\u0131 gereken di\u015f beyazlatma i\u015flemidir. Burada di\u015flerin niteliklerine g\u00f6re karar vermekteyiz, \u00e7\u00fcnk\u00fc k\u00f6k tedavisi g\u00f6rm\u00fc\u015f bir di\u015f \u00f6rne\u011fin sa\u011fl\u0131kl\u0131 bir di\u015fe g\u00f6re farkl\u0131 biri i\u015flem gerektirir. K\u00f6k tedavisi g\u00f6rm\u00fc\u015f di\u015flerde di\u015f beyazlatma Bir k\u00f6k tedavisi sonras\u0131nda ortaya \u00e7\u0131kan renk de\u011fi\u015fimleri, [&hellip;]<\/p>\n","protected":false},"author":1,"featured_media":0,"parent":9,"menu_order":50,"comment_status":"closed","ping_status":"closed","template":"","meta":{"footnotes":""},"class_list":["post-80","page","type-page","status-publish","hentry"],"_links":{"self":[{"href":"https:\/\/www.zahnarztpraxisayaydin.de\/tr\/wp-json\/wp\/v2\/pages\/80","targetHints":{"allow":["GET"]}}],"collection":[{"href":"https:\/\/www.zahnarztpraxisayaydin.de\/tr\/wp-json\/wp\/v2\/pages"}],"about":[{"href":"https:\/\/www.zahnarztpraxisayaydin.de\/tr\/wp-json\/wp\/v2\/types\/page"}],"author":[{"embeddable":true,"href":"https:\/\/www.zahnarztpraxisayaydin.de\/tr\/wp-json\/wp\/v2\/users\/1"}],"replies":[{"embeddable":true,"href":"https:\/\/www.zahnarztpraxisayaydin.de\/tr\/wp-json\/wp\/v2\/comments?post=80"}],"version-history":[{"count":3,"href":"https:\/\/www.zahnarztpraxisayaydin.de\/tr\/wp-json\/wp\/v2\/pages\/80\/revisions"}],"predecessor-version":[{"id":190,"href":"https:\/\/www.zahnarztpraxisayaydin.de\/tr\/wp-json\/wp\/v2\/pages\/80\/revisions\/190"}],"up":[{"embeddable":true,"href":"https:\/\/www.zahnarztpraxisayaydin.de\/tr\/wp-json\/wp\/v2\/pages\/9"}],"wp:attachment":[{"href":"https:\/\/www.zahnarztpraxisayaydin.de\/tr\/wp-json\/wp\/v2\/media?parent=80"}],"curies":[{"name":"wp","href":"https:\/\/api.w.org\/{rel}","templated":true}]}}