{"id":82,"date":"2016-01-27T11:25:42","date_gmt":"2016-01-27T10:25:42","guid":{"rendered":"http:\/\/www.zahnarztpraxisayaydin.de\/tr\/?page_id=82"},"modified":"2017-02-24T09:46:45","modified_gmt":"2017-02-24T08:46:45","slug":"angstpatienten-zahnbehandlungsphobie","status":"publish","type":"page","link":"https:\/\/www.zahnarztpraxisayaydin.de\/tr\/hizmetler\/angstpatienten-zahnbehandlungsphobie\/","title":{"rendered":"Korkan hastalar \u2013 di\u015f tedavisi fobisi"},"content":{"rendered":"<h2>Korkan hastalar \u2013 di\u015f tedavisi fobisi<\/h2>\n<p>Dental fobiyi \u00e7ok ciddiye al\u0131yoruz, \u00e7\u00fcnk\u00fc bundan ma\u011fdur olanlar \u00e7ift handikaba sahiptir: Doktora gitmekten a\u015f\u0131r\u0131 derecede korkarlar &#8211; di\u015f durumu k\u00f6t\u00fcle\u015fir. Problemler ne kadar ciddi olursa korku da o kadar b\u00fcy\u00fck olur &#8211; korkun\u00e7 bir k\u0131s\u0131r d\u00f6ng\u00fc. Bu hastalar \u00e7o\u011fu zaman a\u011fr\u0131 kesici olmadan yapam\u0131yorlar ve buna ek olarak di\u015f problemleri a\u015fikar hale geldi\u011fi i\u00e7in kendilerini toplumdan d\u0131\u015flamaktad\u0131rlar. Bu konuda da size yard\u0131mc\u0131 olabiliriz, bize g\u00fcvenin.<\/p>\n<h3>Tedavi s\u0131ras\u0131nda a\u011fr\u0131 yok<\/h3>\n<p>\u00d6zel isteklerinize \u00e7ok duyarl\u0131 bir \u015fekilde yakla\u015f\u0131yoruz ve tedavi esnas\u0131nda a\u011fr\u0131 \u00e7ekmemenizi garanti alt\u0131na al\u0131yoruz. Di\u015f tadilatlar\u0131n\u0131 bile bu \u015fekilde ger\u00e7ekle\u015ftirebiliyoruz, anestezinin imkanlar\u0131n\u0131 \u00e7\u0131karlar\u0131n\u0131z do\u011frultusunda sonuna kadar kullan\u0131yoruz. G\u00fcler y\u00fczl\u00fc ekibimiz korkular\u0131n\u0131zla yak\u0131ndan ilgilenecektir, bizimle a\u00e7\u0131k\u00e7a konu\u015fabilirsiniz. Hi\u00e7 a\u011fr\u0131 \u00e7ekmeden ve g\u00fczel di\u015flerle yeni hayat\u0131n\u0131z\u0131n tad\u0131n\u0131 \u00e7\u0131kard\u0131\u011f\u0131n\u0131zda mutlu olacaks\u0131n\u0131z.<br \/>\nBizi aray\u0131n ve Solingen&#8217;deki muayenehanemizden bir randevu al\u0131n.<\/p>","protected":false},"excerpt":{"rendered":"<p>Korkan hastalar \u2013 di\u015f tedavisi fobisi Dental fobiyi \u00e7ok ciddiye al\u0131yoruz, \u00e7\u00fcnk\u00fc bundan ma\u011fdur olanlar \u00e7ift handikaba sahiptir: Doktora gitmekten a\u015f\u0131r\u0131 derecede korkarlar &#8211; di\u015f durumu k\u00f6t\u00fcle\u015fir. Problemler ne kadar ciddi olursa korku da o kadar b\u00fcy\u00fck olur &#8211; korkun\u00e7 bir k\u0131s\u0131r d\u00f6ng\u00fc. Bu hastalar \u00e7o\u011fu zaman a\u011fr\u0131 kesici olmadan yapam\u0131yorlar ve buna ek olarak [&hellip;]<\/p>\n","protected":false},"author":1,"featured_media":0,"parent":9,"menu_order":60,"comment_status":"closed","ping_status":"closed","template":"","meta":{"footnotes":""},"class_list":["post-82","page","type-page","status-publish","hentry"],"_links":{"self":[{"href":"https:\/\/www.zahnarztpraxisayaydin.de\/tr\/wp-json\/wp\/v2\/pages\/82","targetHints":{"allow":["GET"]}}],"collection":[{"href":"https:\/\/www.zahnarztpraxisayaydin.de\/tr\/wp-json\/wp\/v2\/pages"}],"about":[{"href":"https:\/\/www.zahnarztpraxisayaydin.de\/tr\/wp-json\/wp\/v2\/types\/page"}],"author":[{"embeddable":true,"href":"https:\/\/www.zahnarztpraxisayaydin.de\/tr\/wp-json\/wp\/v2\/users\/1"}],"replies":[{"embeddable":true,"href":"https:\/\/www.zahnarztpraxisayaydin.de\/tr\/wp-json\/wp\/v2\/comments?post=82"}],"version-history":[{"count":5,"href":"https:\/\/www.zahnarztpraxisayaydin.de\/tr\/wp-json\/wp\/v2\/pages\/82\/revisions"}],"predecessor-version":[{"id":203,"href":"https:\/\/www.zahnarztpraxisayaydin.de\/tr\/wp-json\/wp\/v2\/pages\/82\/revisions\/203"}],"up":[{"embeddable":true,"href":"https:\/\/www.zahnarztpraxisayaydin.de\/tr\/wp-json\/wp\/v2\/pages\/9"}],"wp:attachment":[{"href":"https:\/\/www.zahnarztpraxisayaydin.de\/tr\/wp-json\/wp\/v2\/media?parent=82"}],"curies":[{"name":"wp","href":"https:\/\/api.w.org\/{rel}","templated":true}]}}