{"id":9,"date":"2014-01-21T09:33:05","date_gmt":"2014-01-21T08:33:05","guid":{"rendered":"http:\/\/www.zahnarztpraxisayaydin.de\/tr\/?page_id=9"},"modified":"2017-03-27T13:33:56","modified_gmt":"2017-03-27T11:33:56","slug":"hizmetler","status":"publish","type":"page","link":"https:\/\/www.zahnarztpraxisayaydin.de\/tr\/hizmetler\/","title":{"rendered":"Hizmetler"},"content":{"rendered":"<h2>Estetik di\u015f hekimli\u011fi<\/h2>\n<p>De\u011ferli hastalar\u0131m\u0131z,<\/p>\n<p>Estetik di\u015f hekimli\u011finin imkanlar\u0131 \u00e7ok \u00e7e\u015fitlidir. Basit di\u015f dolgusundan inley dolgulara, k\u0131smi kuronlardan \u00e7ok \u00e7e\u015fitli tasar\u0131mlarda y\u00fcksek kaliteli protezlere kadar uzan\u0131r.<\/p>\n<p>Protezin g\u00fcnl\u00fck olarak yerine getirmesi gereken i\u015flevsellik g\u00f6revinin yan\u0131nda estetik de tabii ki \u00f6n plandad\u0131r. Odak noktas\u0131nda ise kapsaml\u0131 bir muayene ve dan\u0131\u015fmanl\u0131k sonras\u0131nda bireysel protezinin imal edilece\u011fi hasta yer almaktad\u0131r.<\/p>\n<p>Bu protez uygulamalar\u0131 i\u00e7in modern di\u015f hekimli\u011finde en yeni teknolojiler ve malzemeler kullan\u0131lmaktad\u0131r. Bunlar sayesinde \u00e7ok farkl\u0131 di\u015f ve di\u015f b\u00f6l\u00fcmlerinin tam bir rekonstr\u00fcksiyonu m\u00fcmk\u00fcn olmaktad\u0131r.<\/p>\n<p>&nbsp;<\/p>\n<h3>Muayenehanemde size a\u015fa\u011f\u0131daki olanaklar\u0131 sunuyoruz:<\/h3>\n<p><strong>Di\u015f dolgular\u0131<\/strong><br \/>\n<img loading=\"lazy\" decoding=\"async\" class=\"alignright pull-right pull-right size-thumbnail wp-image-126\" title=\"Zahnarztstuhl - Zahnarztpraxis Ayaydin - Ihr kompetenter Zahnarzt in Solingen\" src=\"http:\/\/www.zahnarztpraxisayaydin.de\/tr\/wp-content\/uploads\/zahnarzt-stuhl-150x150.jpg\" alt=\"Zahnarztstuhl Praxis in Solingen\" width=\"150\" height=\"150\" \/>Di\u015f dolgular\u0131n\u0131 farkl\u0131 malzemelerle ger\u00e7ekle\u015ftirebiliyoruz; burada tabii ki hem t\u0131bbi hem de estetik d\u00fc\u015f\u00fcnceler odak noktas\u0131ndad\u0131r.<\/p>\n<p><strong>\u0130nleyler<\/strong><br \/>\n\u00c7i\u011fneme alan\u0131nda bir dolgu ile basit bir di\u015f restorasyonunun yeterli olmad\u0131\u011f\u0131 durumlarda di\u015flere inley dolgu yap\u0131l\u0131r. Burada ilgili di\u015fin \u00e7\u00fcr\u00fckleri temizlenir ve uygun bir preparasyon yap\u0131l\u0131r. Di\u015f laboratuvar\u0131 da sizin se\u00e7ti\u011finiz malzemeden inley dolguyu haz\u0131rlar.<\/p>\n<p><strong>K\u0131smi kuronlar<\/strong><br \/>\n\u00c7i\u011fneme alan\u0131n\u0131n d\u0131\u015f\u0131nda di\u015fin yan y\u00fczeyleri de etkilenmi\u015f ve ikame edilmesi gerekiyorsa k\u0131smi kurondan s\u00f6z ederiz. Burada di\u015fin yan b\u00f6lgeleri prepare edilir. Burada da \u00e7e\u015fitli malzemeler se\u00e7iminize sunulur.<\/p>\n<p><strong>Kuronlar<\/strong><br \/>\nDi\u015fin bir inley veya k\u0131smi kuron ile kapanmayacak kadar hasar g\u00f6rm\u00fc\u015f olmas\u0131 durumunda di\u015fin kuronla kapat\u0131lmas\u0131 gerekir. Burada kurona yer a\u00e7mak i\u00e7in di\u015f maddesinin bir k\u0131sm\u0131n\u0131n prepare edilmesi gerekir. Kuronun kom\u015fu di\u015flere ve prepare edilen di\u015fin \u00f6nceki bi\u00e7imine m\u00fckemmel \u015fekilde uymas\u0131 i\u00e7in kesin kal\u0131plar\u0131n al\u0131nmas\u0131 gerekir. Tam kaplama kuronlarda do\u011fal di\u015flerinize renk adaptasyonu ve optimal kal\u0131p bi\u00e7imi sayesinde kuron neredeyse fark edilmez.<\/p>\n<p><img loading=\"lazy\" decoding=\"async\" class=\"aligncenter pull-center size-full wp-image-130\" title=\"Eingang der Zahnarztpraxis - Zahnarztpraxis Ayaydin - Ihr kompetenter Zahnarzt in Solingen\" src=\"http:\/\/www.zahnarztpraxisayaydin.de\/tr\/wp-content\/uploads\/zahnarztpraxis-eingang-1.jpg\" alt=\"Zahnarztpraxis Solingen Eingang\" width=\"601\" height=\"238\" srcset=\"https:\/\/www.zahnarztpraxisayaydin.de\/tr\/wp-content\/uploads\/zahnarztpraxis-eingang-1.jpg 601w, https:\/\/www.zahnarztpraxisayaydin.de\/tr\/wp-content\/uploads\/zahnarztpraxis-eingang-1-300x119.jpg 300w\" sizes=\"auto, (max-width: 601px) 100vw, 601px\" \/><strong>K\u00f6pr\u00fcler<\/strong><\/p>\n<p>Bir di\u015fin kaybedilmesi ilk bak\u0131\u015fta o kadar \u00f6nemli g\u00f6r\u00fcnmese de geni\u015f kapsaml\u0131 sonu\u00e7lar\u0131 olabilir: b\u00fct\u00fcn di\u015flerin stabilitesi etkilenir.<\/p>\n<p>\u00c7\u00fcnk\u00fc di\u015fler birbirini destekler. Biri eksik olursa kom\u015fu di\u015fler zamanla burada olu\u015fan bo\u015flu\u011fa do\u011fru kayabilir. Ayn\u0131 \u015fekilde kar\u015f\u0131 \u00e7enedeki di\u015f de bu bo\u015f alana do\u011fru b\u00fcy\u00fcyebilir &#8211; \u00e7ene yap\u0131s\u0131 ciddi \u015fekilde de\u011fi\u015fir. Hem \u00e7i\u011fneme kaslar\u0131 hem de \u00e7ene eklemi etkilenir. Bu nedenle mevcut bo\u015flu\u011fu bir k\u00f6pr\u00fc ile kapatman\u0131z\u0131 ve g\u00fcl\u00fcmserken b\u00fct\u00fcn di\u015flerinizi tekrar g\u00f6stermenizi \u00f6neririz. K\u00f6pr\u00fc, t\u00fcm konstr\u00fcksiyonu tutan kuron di\u015fler ve yeni di\u015f veya di\u015flerden olu\u015fur. Somut durumda seramik teknolojisi ile \u00e7al\u0131\u015fmam\u0131z ve tam seramik bir k\u00f6pr\u00fc kullanmam\u0131z ya da alternatif y\u00f6ntemleri kullanmak zorunda kalmam\u0131z sonu\u00e7 olarak mevcut \u015fartlara ba\u011fl\u0131d\u0131r. Her hal\u00fckarda bo\u015flu\u011fun kapat\u0131lmas\u0131 i\u00e7in elimizde olan t\u00fcm imkanlar hakk\u0131nda konu\u015furuz. Optimal \u00e7\u00f6z\u00fcm olarak inleyler ve kuronlar gibi g\u00fcvendi\u011fimiz bir laboratuvarda \u00fcretilen tek d\u00f6k\u00fcmden seramik k\u00f6pr\u00fcleri \u00f6neririz.<\/p>\n<p><strong>Teleskop protezler<\/strong><br \/>\nAlternatif olarak mutlak hassas mekanik elemanlarla sabitlenen teleskop protezleri kullan\u0131r\u0131z. Bu varyasyon ilk \u00f6nce biraz garip gelebilir, sonu\u00e7 olarak metalik kayd\u0131rma ve s\u00fcrg\u00fc teknikleri kullan\u0131l\u0131yor. Ancak bu teleskop protezlerin avantajlar\u0131 da vard\u0131r, \u00e7\u00fcnk\u00fc bir taraftan \u00e7\u0131kar\u0131labilir par\u00e7alar\u0131n optimal sabitlenmesine olanak sa\u011flar ve di\u011fer taraftan protez basit bir \u015fekilde geni\u015fletilebilir.<\/p>\n<p><strong>Tam protezler<\/strong><br \/>\n<img loading=\"lazy\" decoding=\"async\" class=\"alignright pull-right pull-right size-thumbnail wp-image-128\" title=\"Zahnarztpraxis in Solingen - Zahnarztpraxis Ayaydin - Ihr kompetenter Zahnarzt in Solingen\" src=\"http:\/\/www.zahnarztpraxisayaydin.de\/tr\/wp-content\/uploads\/img_7459-150x150.jpg\" alt=\"Zahnarztstuhl\" width=\"150\" height=\"150\" \/>Korkman\u0131za kesinlikle gerek olmayan son netice olarak bir tam protez kullan\u0131l\u0131r. Bunlar di\u015f \u00e7ukurlar\u0131na kusursuz \u015fekilde uyarlan\u0131r ve m\u00fckemmel sonu\u00e7lar sa\u011flar &#8211; hem i\u015flevsellik hem de estetik a\u00e7\u0131s\u0131ndan. Tam protezin kabul g\u00f6rmesi ve sizin al\u0131\u015fman\u0131z i\u00e7in belli bir al\u0131\u015fma s\u00fcresi gereklidir &#8211; biz size her evrede empati ve ihtiya\u00e7lar\u0131n\u0131z\u0131 anlayarak e\u015flik ederiz.<\/p>\n<p><strong>Yaprak porselenler<\/strong><br \/>\nDi\u015flerinizin restorasyonu d\u0131\u015f\u0131nda di\u015flerinizin esteti\u011fini optimize etmek istedi\u011finizde de profesyonel destek sunar\u0131z. Uzun y\u0131llard\u0131r yo\u011fun bir \u015fekilde kullan\u0131lan ve Veneer olarak adland\u0131r\u0131lan \u00e7e\u015fitli seramik yapraklar di\u015flerin g\u00f6r\u00fcnen b\u00f6lgesinde kaplama olarak tercih edilmektedir. Zarif bir yap\u0131\u015ft\u0131rma sayesinde sadece di\u015fler g\u00fczelle\u015fmez, ayn\u0131 zamanda p\u00fcr\u00fczs\u00fcz seramik y\u00fczeyde di\u015f pla\u011f\u0131n\u0131n tutunmas\u0131 da zorla\u015ft\u0131r\u0131l\u0131r. Di\u015fin kendi do\u011fal g\u00f6r\u00fcn\u00fcm\u00fc korunur, \u00e7\u00fcnk\u00fc seramik yapraklar nispeten ince ve \u015feffaft\u0131r ama yine de renklerini kal\u0131c\u0131 olarak korur. Di\u015flerde a\u015f\u0131nd\u0131rma yapman\u0131n gerekli olup olmad\u0131\u011f\u0131n\u0131 ki\u015fisel bir g\u00f6r\u00fc\u015fmede kararla\u015ft\u0131r\u0131r\u0131z. Her hal\u00fckarda memnun kalacaks\u0131n\u0131z.<\/p>\n<p><strong>Periodontitis tedavisi<\/strong><\/p>\n<p>Periodontolojinin b\u00fcy\u00fck alan\u0131na \u00f6zel ihtimam g\u00f6steriyoruz, sonu\u00e7 olarak periodonsiyumla, yani di\u015flerle ilgili. Di\u015fi \u00e7ene i\u00e7inde tutan kompleks ankraj sistemi \u00f6rne\u011fin \u00e7i\u011fneme veya \u0131s\u0131rma s\u0131ras\u0131nda y\u00fckleri g\u00fcvenilir \u015fekilde s\u00fcspanse eder. Ancak bu sistem \u00e7ok hassast\u0131r, di\u015f yuvas\u0131nda enflamatuar olan veya olmayan hastal\u0131klar di\u015flerin tutunmas\u0131n\u0131 tehlikeye sokar ve ciddi a\u011fr\u0131lara yol a\u00e7abilir.<\/p>\n<p>Periodontitis ise periodonsiyumun \u00fczerine etki eder, yuvalardaki enflamasyonlar di\u015f etine kadar ilerler. Bakteriler bu yolla di\u015f \u00fczerinden daha derin b\u00f6lgelere ula\u015fm\u0131\u015fsa geleneksel bir temizlik burada fayda etmez. Ba\u011f\u0131\u015f\u0131kl\u0131k sistemi halen bu enflamasyona kar\u015f\u0131 sava\u015f\u0131r ve belli enzimlerle reaksiyon g\u00f6sterir. Ancak bunlar sadece patojenlere kar\u015f\u0131 sava\u015f verir ve di\u015fin ankraj sistemini de etkiler. \u0130lerlemi\u015f evrede \u00e7ene kemiklerinde gerileme olu\u015fabilir ve di\u015f d\u00fc\u015febilir.<\/p>","protected":false},"excerpt":{"rendered":"<p>Estetik di\u015f hekimli\u011fi De\u011ferli hastalar\u0131m\u0131z, Estetik di\u015f hekimli\u011finin imkanlar\u0131 \u00e7ok \u00e7e\u015fitlidir. Basit di\u015f dolgusundan inley dolgulara, k\u0131smi kuronlardan \u00e7ok \u00e7e\u015fitli tasar\u0131mlarda y\u00fcksek kaliteli protezlere kadar uzan\u0131r. Protezin g\u00fcnl\u00fck olarak yerine getirmesi gereken i\u015flevsellik g\u00f6revinin yan\u0131nda estetik de tabii ki \u00f6n plandad\u0131r. Odak noktas\u0131nda ise kapsaml\u0131 bir muayene ve dan\u0131\u015fmanl\u0131k sonras\u0131nda bireysel protezinin imal edilece\u011fi hasta [&hellip;]<\/p>\n","protected":false},"author":1,"featured_media":0,"parent":0,"menu_order":20,"comment_status":"open","ping_status":"closed","template":"","meta":{"footnotes":""},"class_list":["post-9","page","type-page","status-publish","hentry"],"_links":{"self":[{"href":"https:\/\/www.zahnarztpraxisayaydin.de\/tr\/wp-json\/wp\/v2\/pages\/9","targetHints":{"allow":["GET"]}}],"collection":[{"href":"https:\/\/www.zahnarztpraxisayaydin.de\/tr\/wp-json\/wp\/v2\/pages"}],"about":[{"href":"https:\/\/www.zahnarztpraxisayaydin.de\/tr\/wp-json\/wp\/v2\/types\/page"}],"author":[{"embeddable":true,"href":"https:\/\/www.zahnarztpraxisayaydin.de\/tr\/wp-json\/wp\/v2\/users\/1"}],"replies":[{"embeddable":true,"href":"https:\/\/www.zahnarztpraxisayaydin.de\/tr\/wp-json\/wp\/v2\/comments?post=9"}],"version-history":[{"count":13,"href":"https:\/\/www.zahnarztpraxisayaydin.de\/tr\/wp-json\/wp\/v2\/pages\/9\/revisions"}],"predecessor-version":[{"id":225,"href":"https:\/\/www.zahnarztpraxisayaydin.de\/tr\/wp-json\/wp\/v2\/pages\/9\/revisions\/225"}],"wp:attachment":[{"href":"https:\/\/www.zahnarztpraxisayaydin.de\/tr\/wp-json\/wp\/v2\/media?parent=9"}],"curies":[{"name":"wp","href":"https:\/\/api.w.org\/{rel}","templated":true}]}}